{"id":4267,"date":"2022-01-03T23:15:18","date_gmt":"2022-01-03T22:15:18","guid":{"rendered":"https:\/\/www.sovamm.cz\/wordpress\/?page_id=4267"},"modified":"2025-06-03T06:46:02","modified_gmt":"2025-06-03T04:46:02","slug":"exhibition-macel-vajdis","status":"publish","type":"page","link":"https:\/\/sovamm.cz\/wordpress\/en\/exhibitions\/exhibition-macel-vajdis\/","title":{"rendered":"Exhibition M\u00e1\u010del \u2014 Vajdi\u0161"},"content":{"rendered":"<p>Works by <a href=\"https:\/\/www.sovamm.cz\/wordpress\/en\/macel-vajdis-2\/otakar-macel\/\">Otakar M\u00e1\u010del (1920\u20141997)<\/a> and <a href=\"https:\/\/www.sovamm.cz\/wordpress\/en\/jaroslav-vajdis-2\/\">Jaroslav Vajdi\u0161 (1920\u20142006)<\/a><br \/>\nConference Building in Villa Stiassni, Hroznov\u00e1 82\/14, Brno.<\/p>\n<p>Opening on 17 December 2021 \u2014 running until 28 March 2022.<\/p>\n<p>Organizer: Association for the Renewal of the Village and the Small Town in cooperation with the Brno Regional Office of the National Heritage Institute<br \/>\nAuthors of the exhibition: Ji\u0159\u00ed Syrov\u00fd, Ji\u0159\u00ed \u0160kabrada<br \/>\nCooperation: \u0160imon Eismann, Zde\u0148ka N\u011bmcov\u00e1, Dana Novotn\u00e1, Svatava Podrazilov\u00e1<br \/>\nGraphic design: Zuzana Syrov\u00e1 An\u00fd\u017eov\u00e1<\/p>\n<p>Photographs, drawings, projects, pictures and other exhibits from the estate of Otakar M\u00e1\u010del and Jaroslav Vajdi\u0161 and archives of the following institutes: Association for the Renewal of the Village and the Small Town, Brno Regional Office of the State Heritage Institute, National Institute of Folk Culture in Str\u00e1\u017enice, and Ethnographic Institute of the Moravian Museum in Brno.<\/p>\n<ul>\n<li><em><a href=\"https:\/\/www.sovamm.cz\/wordpress\/wp-content\/uploads\/2021\/12\/letak_MV_2021-12-06-orez.pdf\" target=\"_blank\" rel=\"noopener\">Leaflet download (in Czech)<\/a><\/em><\/li>\n<li><em><a href=\"https:\/\/www.vila-stiassni.cz\/en\/plan-your-visit\/opening-hours\" target=\"_blank\" rel=\"noopener\">Opening hours of Villa Stiassni<\/a><\/em><\/li>\n<li><em><a href=\"https:\/\/www.vila-stiassni.cz\/en\/plan-your-visit\/how-to-get-here\" target=\"_blank\" rel=\"noopener\">How to get to Villa Stiassni<\/a><\/em><\/li>\n<li><em><a href=\"https:\/\/www.sovamm.cz\/wordpress\/en\/macel-vajdis-2\/\">More about the life and work of architects M\u00e1\u010del and Vajdi\u0161<\/a><\/em>\n<ul>\n<li><em><a href=\"https:\/\/www.sovamm.cz\/wordpress\/en\/macel-vajdis-2\/otakar-macel\/\">Otakar M\u00e1\u010del (1920\u20141997)<\/a><\/em><\/li>\n<li><em><a href=\"https:\/\/www.sovamm.cz\/wordpress\/en\/jaroslav-vajdis-2\/\">Jaroslav Vajdi\u0161 (1920\u20142006)<\/a><\/em><\/li>\n<li><em><a href=\"https:\/\/www.sovamm.cz\/wordpress\/en\/macel-vajdis-2\/3\/\">References<\/a><\/em><\/li>\n<\/ul>\n<\/li>\n<\/ul>\n<p>You can find a&nbsp;part of the exhibited works and a&nbsp;selection of additional photographs, paintings, drawings and projects, that didn&#8217;t fit in our exhibition space, online here:<\/p>\n<ul>\n<li><a href=\"https:\/\/www.sovamm.cz\/wordpress\/en\/macel-vajdis-2\/exhibition-macel-vajdis\/2\/\">Exhibition poster<\/a><\/li>\n<li>Panels: Introduction <a href=\"https:\/\/www.sovamm.cz\/wordpress\/en\/macel-vajdis-2\/exhibition-macel-vajdis\/3\/\">01<\/a> \u00a6 Jaroslav Vajdi\u0161 <a href=\"https:\/\/www.sovamm.cz\/wordpress\/en\/macel-vajdis-2\/exhibition-macel-vajdis\/4\/\">02-16<\/a> \u00a6 Otakar M\u00e1\u010del <a href=\"https:\/\/www.sovamm.cz\/wordpress\/en\/macel-vajdis-2\/exhibition-macel-vajdis\/5\/\">17-29<\/a> \u00a6 Impressum: <a href=\"https:\/\/www.sovamm.cz\/wordpress\/en\/macel-vajdis-2\/exhibition-macel-vajdis\/6\/\">30<\/a><\/li>\n<li>Exhibited works:\n<ul>\n<li>Jaroslav Vajdi\u0161: Photographs: <a href=\"https:\/\/www.sovamm.cz\/wordpress\/en\/macel-vajdis-2\/exhibition-macel-vajdis\/7\/\">People<\/a> \u00a6 <a href=\"https:\/\/www.sovamm.cz\/wordpress\/en\/macel-vajdis-2\/exhibition-macel-vajdis\/8\/\">Artefacts \/ Details<\/a> \u00a6 <a href=\"https:\/\/www.sovamm.cz\/wordpress\/en\/macel-vajdis-2\/exhibition-macel-vajdis\/9\/\">Extinctions<\/a> \u00a6 <a href=\"https:\/\/www.sovamm.cz\/wordpress\/en\/macel-vajdis-2\/exhibition-macel-vajdis\/10\/\">Prague<\/a> \u00a6 <a href=\"https:\/\/www.sovamm.cz\/wordpress\/en\/macel-vajdis-2\/exhibition-macel-vajdis\/11\/\">Landscapes<\/a> \u00a6 <a href=\"https:\/\/www.sovamm.cz\/wordpress\/en\/macel-vajdis-2\/exhibition-macel-vajdis\/12\/\">Nature<\/a> \u00a6 <a href=\"https:\/\/www.sovamm.cz\/wordpress\/en\/macel-vajdis-2\/exhibition-macel-vajdis\/13\/\">Animals<\/a> \u00a6 <a href=\"https:\/\/www.sovamm.cz\/wordpress\/en\/macel-vajdis-2\/exhibition-macel-vajdis\/14\/\">Vernacular architecture<\/a> \u00a6\u00a6 <a href=\"https:\/\/www.sovamm.cz\/wordpress\/en\/macel-vajdis-2\/exhibition-macel-vajdis\/15\/\">Drawings<\/a> \u00a6\u00a6 Documentation: <a href=\"https:\/\/www.sovamm.cz\/wordpress\/en\/macel-vajdis-2\/exhibition-macel-vajdis\/16\/\">Inventories<\/a> \u00a6 <a href=\"https:\/\/www.sovamm.cz\/wordpress\/en\/macel-vajdis-2\/exhibition-macel-vajdis\/17\/\">Vit\u011bjovice 15<\/a> \u00a6 <a href=\"https:\/\/www.sovamm.cz\/wordpress\/en\/macel-vajdis-2\/exhibition-macel-vajdis\/18\/\">\u0160umperk region<\/a> \u00a6 Documentation \/ Restoration: <a href=\"https:\/\/www.sovamm.cz\/wordpress\/en\/macel-vajdis-2\/exhibition-macel-vajdis\/19\/\">Rymice<\/a><\/li>\n<li>Otakar M\u00e1\u010del: <a href=\"https:\/\/www.sovamm.cz\/wordpress\/en\/macel-vajdis-2\/exhibition-macel-vajdis\/20\/\">Sketches<\/a> \u00a6 <a href=\"https:\/\/www.sovamm.cz\/wordpress\/en\/macel-vajdis-2\/exhibition-macel-vajdis\/21\/\">Paintings<\/a> \u00a6\u00a6 Photographs: <a href=\"https:\/\/www.sovamm.cz\/wordpress\/en\/macel-vajdis-2\/exhibition-macel-vajdis\/22\/\">Disappearing Brno<\/a> \u00a6 <a href=\"https:\/\/www.sovamm.cz\/wordpress\/en\/macel-vajdis-2\/exhibition-macel-vajdis\/23\/\">P\u00e1lava<\/a> \u00a6 <a href=\"https:\/\/www.sovamm.cz\/wordpress\/en\/macel-vajdis-2\/exhibition-macel-vajdis\/24\/\">Pavlov 145<\/a> \u00a6\u00a6 Documentation \/ <a href=\"https:\/\/www.sovamm.cz\/wordpress\/en\/macel-vajdis-2\/exhibition-macel-vajdis\/25\/\">Kurial Archives: Pavlov<\/a> \u00a6 Documentation \/ Restoration: <a href=\"https:\/\/www.sovamm.cz\/wordpress\/en\/macel-vajdis-2\/exhibition-macel-vajdis\/26\/\">Pavlov<\/a> \u00a6 Drawings:<a href=\"https:\/\/www.sovamm.cz\/wordpress\/en\/macel-vajdis-2\/exhibition-macel-vajdis\/27\/\"> Vernacular architecture<\/a><\/li>\n<\/ul>\n<\/li>\n<li><a href=\"https:\/\/www.sovamm.cz\/wordpress\/en\/macel-vajdis-2\/exhibition-macel-vajdis\/28\/\">Exhibition in photographs<\/a><\/li>\n<\/ul>\n<p><a href=\"https:\/\/www.sovamm.cz\/wordpress\/en\/macel-vajdis-2\/exhibition-macel-vajdis\/2\/\">\u2192 Continue<\/a><br \/>\n<a href=\"https:\/\/www.sovamm.cz\/wordpress\/en\/macel-vajdis-2\/exhibition-macel-vajdis\/\">\u2190 Contents<\/a><\/p>\n<p><!--nextpage--><\/p>\n<p><img data-recalc-dims=\"1\" loading=\"lazy\" decoding=\"async\" data-attachment-id=\"3741\" data-permalink=\"https:\/\/sovamm.cz\/wordpress\/vystavy\/vystava-macel-vajdis\/macel-vajdis\/mv_vystava_211217-poutac1orezr-2\/\" data-orig-file=\"https:\/\/i0.wp.com\/sovamm.cz\/wordpress\/wp-content\/uploads\/2021\/12\/MV_vystava_211217-Poutac1orezR-1.jpg?fit=1038%2C1467&amp;ssl=1\" data-orig-size=\"1038,1467\" data-comments-opened=\"1\" data-image-meta=\"{&quot;aperture&quot;:&quot;0&quot;,&quot;credit&quot;:&quot;&quot;,&quot;camera&quot;:&quot;&quot;,&quot;caption&quot;:&quot;&quot;,&quot;created_timestamp&quot;:&quot;0&quot;,&quot;copyright&quot;:&quot;&quot;,&quot;focal_length&quot;:&quot;0&quot;,&quot;iso&quot;:&quot;0&quot;,&quot;shutter_speed&quot;:&quot;0&quot;,&quot;title&quot;:&quot;&quot;,&quot;orientation&quot;:&quot;1&quot;}\" data-image-title=\"MV_vystava_211217-Poutac1orezR\" data-image-description=\"\" data-image-caption=\"\" data-large-file=\"https:\/\/i0.wp.com\/sovamm.cz\/wordpress\/wp-content\/uploads\/2021\/12\/MV_vystava_211217-Poutac1orezR-1.jpg?fit=474%2C669&amp;ssl=1\" class=\"aligncenter wp-image-3741 size-medium\" src=\"https:\/\/i0.wp.com\/www.sovamm.cz\/wordpress\/wp-content\/uploads\/2021\/12\/MV_vystava_211217-Poutac1orezR-1-212x300.jpg?resize=212%2C300&#038;ssl=1\" alt=\"\" width=\"212\" height=\"300\" srcset=\"https:\/\/i0.wp.com\/sovamm.cz\/wordpress\/wp-content\/uploads\/2021\/12\/MV_vystava_211217-Poutac1orezR-1.jpg?resize=212%2C300&amp;ssl=1 212w, https:\/\/i0.wp.com\/sovamm.cz\/wordpress\/wp-content\/uploads\/2021\/12\/MV_vystava_211217-Poutac1orezR-1.jpg?resize=725%2C1024&amp;ssl=1 725w, https:\/\/i0.wp.com\/sovamm.cz\/wordpress\/wp-content\/uploads\/2021\/12\/MV_vystava_211217-Poutac1orezR-1.jpg?resize=768%2C1085&amp;ssl=1 768w, https:\/\/i0.wp.com\/sovamm.cz\/wordpress\/wp-content\/uploads\/2021\/12\/MV_vystava_211217-Poutac1orezR-1.jpg?resize=133%2C188&amp;ssl=1 133w, https:\/\/i0.wp.com\/sovamm.cz\/wordpress\/wp-content\/uploads\/2021\/12\/MV_vystava_211217-Poutac1orezR-1.jpg?w=1038&amp;ssl=1 1038w, https:\/\/i0.wp.com\/sovamm.cz\/wordpress\/wp-content\/uploads\/2021\/12\/MV_vystava_211217-Poutac1orezR-1.jpg?w=948&amp;ssl=1 948w\" sizes=\"auto, (max-width: 212px) 100vw, 212px\" \/><\/p>\n<p><a href=\"https:\/\/www.sovamm.cz\/wordpress\/en\/macel-vajdis-2\/exhibition-macel-vajdis\/2\/\">Exhibition poster<\/a><\/p>\n<p><a href=\"https:\/\/www.sovamm.cz\/wordpress\/en\/macel-vajdis-2\/exhibition-macel-vajdis\/3\/\">\u2192 Continue<\/a><a href=\"https:\/\/www.sovamm.cz\/wordpress\/vystava-macel-vajdis\/3\/\"><br \/>\n<\/a><a href=\"https:\/\/www.sovamm.cz\/wordpress\/en\/macel-vajdis-2\/exhibition-macel-vajdis\/\">\u2190 Contents<\/a><\/p>\n<p><!--nextpage--><\/p>\n<a href=\"https:\/\/sovamm.cz\/wordpress\/wp-content\/uploads\/2021\/12\/MV_vystava_211217-Panely0R-01.pdf\" class=\"pdfemb-viewer\" style=\"\" data-width=\"max\" data-height=\"max\" data-toolbar=\"bottom\" data-toolbar-fixed=\"off\">MV_vystava_211217-Panely0R-01<\/a>\n<p><a href=\"https:\/\/www.sovamm.cz\/wordpress\/wp-content\/uploads\/2021\/12\/MV_vystava_211217-Panely0R-01.pdf\" target=\"_blank\" rel=\"noopener\">Introduction<\/a><\/p>\n<p><a href=\"https:\/\/www.sovamm.cz\/wordpress\/en\/macel-vajdis-2\/exhibition-macel-vajdis\/4\/\">\u2192 Continue<\/a><br \/>\n<a href=\"https:\/\/www.sovamm.cz\/wordpress\/en\/macel-vajdis-2\/exhibition-macel-vajdis\/\">\u2190 Contents<\/a><\/p>\n<p><!--nextpage--><\/p>\n<a href=\"https:\/\/sovamm.cz\/wordpress\/wp-content\/uploads\/2021\/12\/MV_vystava_211217-Panely0R-02-16.pdf\" class=\"pdfemb-viewer\" style=\"\" data-width=\"max\" data-height=\"max\" data-toolbar=\"bottom\" data-toolbar-fixed=\"off\">MV_vystava_211217-Panely0R-02-16<\/a>\n<p><a href=\"https:\/\/www.sovamm.cz\/wordpress\/wp-content\/uploads\/2021\/12\/MV_vystava_211217-Panely0R-02-16.pdf\" target=\"_blank\" rel=\"noopener\">Panels 02\u201416<\/a><\/p>\n<p><a href=\"https:\/\/www.sovamm.cz\/wordpress\/en\/macel-vajdis-2\/exhibition-macel-vajdis\/5\/\">\u2192 Continue<\/a><br \/>\n<a href=\"https:\/\/www.sovamm.cz\/wordpress\/en\/macel-vajdis-2\/exhibition-macel-vajdis\/\">\u2190 Contents<\/a><\/p>\n<p><!--nextpage--><\/p>\n<a href=\"https:\/\/sovamm.cz\/wordpress\/wp-content\/uploads\/2021\/12\/MV_vystava_211217-Panely0R-17-29.pdf\" class=\"pdfemb-viewer\" style=\"\" data-width=\"max\" data-height=\"max\" data-toolbar=\"bottom\" data-toolbar-fixed=\"off\">MV_vystava_211217-Panely0R-17-29<\/a>\n<p><a href=\"https:\/\/www.sovamm.cz\/wordpress\/wp-content\/uploads\/2021\/12\/MV_vystava_211217-Panely0R-17-29.pdf\" target=\"_blank\" rel=\"noopener\">Panels 17\u201429<\/a><\/p>\n<p><a href=\"https:\/\/www.sovamm.cz\/wordpress\/en\/macel-vajdis-2\/exhibition-macel-vajdis\/6\/\">\u2192 Continue<\/a><br \/>\n<a href=\"https:\/\/www.sovamm.cz\/wordpress\/en\/macel-vajdis-2\/exhibition-macel-vajdis\/\">\u2190 Contents<\/a><\/p>\n<p><!--nextpage--><\/p>\n<a href=\"https:\/\/sovamm.cz\/wordpress\/wp-content\/uploads\/2021\/12\/MV_vystava_211217-Panely0R-30.pdf\" class=\"pdfemb-viewer\" style=\"\" data-width=\"max\" data-height=\"max\" data-toolbar=\"bottom\" data-toolbar-fixed=\"off\">MV_vystava_211217-Panely0R-30<\/a>\n<p><a href=\"https:\/\/www.sovamm.cz\/wordpress\/wp-content\/uploads\/2021\/12\/MV_vystava_211217-Panely0R-30.pdf\" target=\"_blank\" rel=\"noopener\">Panel 30 (Impressum)<\/a><\/p>\n<p><a href=\"https:\/\/www.sovamm.cz\/wordpress\/en\/macel-vajdis-2\/exhibition-macel-vajdis\/7\/\">\u2192 Continue<\/a><br \/>\n<a href=\"https:\/\/www.sovamm.cz\/wordpress\/en\/macel-vajdis-2\/exhibition-macel-vajdis\/\">\u2190 Contents<\/a><\/p>\n<p><!--nextpage--><\/p>\n<p>Jaroslav Vajdi\u0161: Photographs: People<\/p>\n<p><iframe loading=\"lazy\" src=\"https:\/\/archiv.sovamm.cz\/photo\/embed\/embed.html?album=album_4d562f4a562f462d4c696465&amp;openps=1&amp;autoplay=1\" width=\"480\" height=\"320\" frameborder=\"0\"><\/iframe><\/p>\n<p><a href=\"https:\/\/www.sovamm.cz\/wordpress\/en\/macel-vajdis-2\/exhibition-macel-vajdis\/8\/\">\u2192 Continue<\/a><br \/>\n<a href=\"https:\/\/www.sovamm.cz\/wordpress\/en\/macel-vajdis-2\/exhibition-macel-vajdis\/\">\u2190 Contents<\/a><\/p>\n<p><!--nextpage--><\/p>\n<p>Jaroslav Vajdi\u0161: Photographs: Artefacts \u00a6 Details<\/p>\n<p><iframe loading=\"lazy\" src=\"https:\/\/archiv.sovamm.cz\/photo\/embed\/embed.html?album=album_4d562f4a562f462d44657461696c&amp;openps=1&amp;autoplay=1\" width=\"480\" height=\"320\" frameborder=\"0\"><\/iframe><\/p>\n<p><a href=\"https:\/\/www.sovamm.cz\/wordpress\/en\/macel-vajdis-2\/exhibition-macel-vajdis\/9\/\">\u2192 Continue<\/a><br \/>\n<a href=\"https:\/\/www.sovamm.cz\/wordpress\/en\/macel-vajdis-2\/exhibition-macel-vajdis\/\">\u2190 Contents<\/a><\/p>\n<p><!--nextpage--><\/p>\n<p>Jaroslav Vajdi\u0161: Photographs: Extinctions<\/p>\n<p><iframe loading=\"lazy\" src=\"https:\/\/archiv.sovamm.cz\/photo\/embed\/embed.html?album=album_4d562f4a562f462d5a616e696b&amp;openps=1&amp;autoplay=1\" width=\"480\" height=\"320\" frameborder=\"0\"><\/iframe><\/p>\n<p><a href=\"https:\/\/www.sovamm.cz\/wordpress\/en\/macel-vajdis-2\/exhibition-macel-vajdis\/10\/\">\u2192 Continue<\/a><br \/>\n<a href=\"https:\/\/www.sovamm.cz\/wordpress\/en\/macel-vajdis-2\/exhibition-macel-vajdis\/\">\u2190 Contents<\/a><\/p>\n<p><!--nextpage--><\/p>\n<p>Jaroslav Vajdi\u0161: Photographs: Prague<\/p>\n<p><iframe loading=\"lazy\" src=\"https:\/\/archiv.sovamm.cz\/photo\/embed\/embed.html?album=album_4d562f4a562f462d5072616861&amp;openps=1&amp;autoplay=1\" width=\"480\" height=\"320\" frameborder=\"0\"><\/iframe><\/p>\n<p><a href=\"https:\/\/www.sovamm.cz\/wordpress\/en\/macel-vajdis-2\/exhibition-macel-vajdis\/11\/\">\u2192 Continue<\/a><br \/>\n<a href=\"https:\/\/www.sovamm.cz\/wordpress\/en\/macel-vajdis-2\/exhibition-macel-vajdis\/\">\u2190 Contents<\/a><\/p>\n<p><!--nextpage--><\/p>\n<p>Jaroslav Vajdi\u0161: Photographs: Landscapes<\/p>\n<p><iframe loading=\"lazy\" src=\"https:\/\/archiv.sovamm.cz\/photo\/embed\/embed.html?album=album_4d562f4a562f462d4b72616a696e79&amp;openps=1&amp;autoplay=1\" width=\"480\" height=\"320\" frameborder=\"0\"><\/iframe><\/p>\n<p><a href=\"https:\/\/www.sovamm.cz\/wordpress\/en\/macel-vajdis-2\/exhibition-macel-vajdis\/12\/\">\u2192 Continue<\/a><br \/>\n<a href=\"https:\/\/www.sovamm.cz\/wordpress\/en\/macel-vajdis-2\/exhibition-macel-vajdis\/\">\u2190 Contents<\/a><\/p>\n<p><!--nextpage--><\/p>\n<p>Jaroslav Vajdi\u0161: Photographs: Nature<\/p>\n<p><iframe loading=\"lazy\" src=\"https:\/\/archiv.sovamm.cz\/photo\/embed\/embed.html?album=album_4d562f4a562f462d5072697244657461696c&amp;openps=1&amp;autoplay=1\" width=\"480\" height=\"320\" frameborder=\"0\"><\/iframe><\/p>\n<p><a href=\"https:\/\/www.sovamm.cz\/wordpress\/en\/macel-vajdis-2\/exhibition-macel-vajdis\/13\/\">\u2192 Continue<\/a><br \/>\n<a href=\"https:\/\/www.sovamm.cz\/wordpress\/en\/macel-vajdis-2\/exhibition-macel-vajdis\/\">\u2190 Contents<\/a><\/p>\n<p><!--nextpage--><\/p>\n<p>Jaroslav Vajdi\u0161: Photographs: Animals<\/p>\n<p><iframe loading=\"lazy\" src=\"https:\/\/archiv.sovamm.cz\/photo\/embed\/embed.html?album=album_4d562f4a562f462d5a766972617461&amp;openps=1&amp;autoplay=1\" width=\"480\" height=\"320\" frameborder=\"0\"><\/iframe><\/p>\n<p><a href=\"https:\/\/www.sovamm.cz\/wordpress\/en\/macel-vajdis-2\/exhibition-macel-vajdis\/14\/\">\u2192 Continue<\/a><br \/>\n<a href=\"https:\/\/www.sovamm.cz\/wordpress\/en\/macel-vajdis-2\/exhibition-macel-vajdis\/\">\u2190 Contents<\/a><\/p>\n<p><!--nextpage--><\/p>\n<p>Jaroslav Vajdi\u0161: Photographs: Vernacular architecture<\/p>\n<p><iframe loading=\"lazy\" src=\"https:\/\/archiv.sovamm.cz\/photo\/embed\/embed.html?album=album_4d562f4a562f462d4c41&amp;openps=1&amp;autoplay=1\" width=\"480\" height=\"320\" frameborder=\"0\"><\/iframe><\/p>\n<p><a href=\"https:\/\/www.sovamm.cz\/wordpress\/en\/macel-vajdis-2\/exhibition-macel-vajdis\/15\/\">\u2192 Continue<\/a><br \/>\n<a href=\"https:\/\/www.sovamm.cz\/wordpress\/en\/macel-vajdis-2\/exhibition-macel-vajdis\/\">\u2190 Contents<\/a><\/p>\n<p><!--nextpage--><\/p>\n<p>Jaroslav Vajdi\u0161: Drawings<\/p>\n<p><iframe loading=\"lazy\" src=\"https:\/\/archiv.sovamm.cz\/photo\/embed\/embed.html?album=album_4d562f4a562f4b7265736279&amp;openps=1&amp;autoplay=1\" width=\"480\" height=\"320\" frameborder=\"0\"><\/iframe><\/p>\n<p><a href=\"https:\/\/www.sovamm.cz\/wordpress\/en\/macel-vajdis-2\/exhibition-macel-vajdis\/16\/\">\u2192 Continue<\/a><br \/>\n<a href=\"https:\/\/www.sovamm.cz\/wordpress\/en\/macel-vajdis-2\/exhibition-macel-vajdis\/\">\u2190 Contents<\/a><\/p>\n<p><!--nextpage--><\/p>\n<p>Jaroslav Vajdi\u0161: Documentation: Inventories<\/p>\n<p><iframe loading=\"lazy\" src=\"https:\/\/archiv.sovamm.cz\/photo\/embed\/embed.html?album=album_4d562f4a562f5a2d496e76656e746172697a616365&amp;openps=1&amp;autoplay=1\" width=\"480\" height=\"320\" frameborder=\"0\"><\/iframe><\/p>\n<p><a href=\"https:\/\/www.sovamm.cz\/wordpress\/en\/macel-vajdis-2\/exhibition-macel-vajdis\/17\/\">\u2192 Continue<\/a><br \/>\n<a href=\"https:\/\/www.sovamm.cz\/wordpress\/en\/macel-vajdis-2\/exhibition-macel-vajdis\/\">\u2190 Contents<\/a><\/p>\n<p><!--nextpage--><\/p>\n<p>Jaroslav Vajdi\u0161: Documentation: Vit\u011bjovice \u010dp.&nbsp;15<\/p>\n<p><iframe loading=\"lazy\" src=\"https:\/\/archiv.sovamm.cz\/photo\/embed\/embed.html?album=album_4d562f4a562f5a2d566974656a6f76696365&amp;openps=1&amp;autoplay=1\" width=\"480\" height=\"320\" frameborder=\"0\"><\/iframe><\/p>\n<p><a href=\"https:\/\/www.sovamm.cz\/wordpress\/en\/macel-vajdis-2\/exhibition-macel-vajdis\/18\/\">\u2192 Continue<\/a><br \/>\n<a href=\"https:\/\/www.sovamm.cz\/wordpress\/en\/macel-vajdis-2\/exhibition-macel-vajdis\/\">\u2190 Contents<\/a><\/p>\n<p><!--nextpage--><\/p>\n<p>Jaroslav Vajdi\u0161: Documentation: \u0160umperk regiom<\/p>\n<p><iframe loading=\"lazy\" src=\"https:\/\/archiv.sovamm.cz\/photo\/embed\/embed.html?album=album_4d562f4a562f5a2d53756d706572736b6f&amp;openps=1&amp;autoplay=1\" width=\"480\" height=\"320\" frameborder=\"0\"><\/iframe><\/p>\n<p><a href=\"https:\/\/www.sovamm.cz\/wordpress\/en\/macel-vajdis-2\/exhibition-macel-vajdis\/19\/\">\u2192 Continue<\/a><br \/>\n<a href=\"https:\/\/www.sovamm.cz\/wordpress\/en\/macel-vajdis-2\/exhibition-macel-vajdis\/\">\u2190 Contents<\/a><\/p>\n<p><!--nextpage--><\/p>\n<p>Jaroslav Vajdi\u0161: Documentation \/ Restoration: Rymice<\/p>\n<p><iframe loading=\"lazy\" src=\"https:\/\/archiv.sovamm.cz\/photo\/embed\/embed.html?album=album_4d562f4a562f502d52796d696365&amp;openps=1&amp;autoplay=1\" width=\"480\" height=\"320\" frameborder=\"0\"><\/iframe><\/p>\n<p><a href=\"https:\/\/www.sovamm.cz\/wordpress\/en\/macel-vajdis-2\/exhibition-macel-vajdis\/20\/\">\u2192 Continue<\/a><br \/>\n<a href=\"https:\/\/www.sovamm.cz\/wordpress\/en\/macel-vajdis-2\/exhibition-macel-vajdis\/\">\u2190 Contents<\/a><\/p>\n<p><!--nextpage--><\/p>\n<p>Otakar M\u00e1\u010del: Sketches<\/p>\n<p><iframe loading=\"lazy\" src=\"https:\/\/archiv.sovamm.cz\/photo\/embed\/embed.html?album=album_4d562f4f4d2f536b6963616b&amp;openps=1&amp;autoplay=1\" width=\"480\" height=\"320\" frameborder=\"0\"><\/iframe><\/p>\n<p><a href=\"https:\/\/www.sovamm.cz\/wordpress\/en\/macel-vajdis-2\/exhibition-macel-vajdis\/21\/\">\u2192 Continue<\/a><br \/>\n<a href=\"https:\/\/www.sovamm.cz\/wordpress\/en\/macel-vajdis-2\/exhibition-macel-vajdis\/\">\u2190 Contents<\/a><\/p>\n<p><!--nextpage--><\/p>\n<p>Otakar M\u00e1\u010del: Paintings<\/p>\n<p><iframe loading=\"lazy\" src=\"https:\/\/archiv.sovamm.cz\/photo\/embed\/embed.html?album=album_4d562f4f4d2f4f6272617a79&amp;openps=1&amp;autoplay=1\" width=\"480\" height=\"320\" frameborder=\"0\"><\/iframe><\/p>\n<p><a href=\"https:\/\/www.sovamm.cz\/wordpress\/en\/macel-vajdis-2\/exhibition-macel-vajdis\/22\/\">\u2192 Continue<\/a><br \/>\n<a href=\"https:\/\/www.sovamm.cz\/wordpress\/en\/macel-vajdis-2\/exhibition-macel-vajdis\/\">\u2190 Contents<\/a><\/p>\n<p><!--nextpage--><\/p>\n<p>Otakar M\u00e1\u010del: Photographs: Mizej\u00edc\u00ed Brno<\/p>\n<p><iframe loading=\"lazy\" src=\"https:\/\/archiv.sovamm.cz\/photo\/embed\/embed.html?album=album_4d562f4f4d2f462d4d697a656a69636942726e6f&amp;openps=1&amp;autoplay=1\" width=\"480\" height=\"320\" frameborder=\"0\"><\/iframe><\/p>\n<p><a href=\"https:\/\/www.sovamm.cz\/wordpress\/en\/macel-vajdis-2\/exhibition-macel-vajdis\/23\/\">\u2192 Continue<\/a><br \/>\n<a href=\"https:\/\/www.sovamm.cz\/wordpress\/en\/macel-vajdis-2\/exhibition-macel-vajdis\/\">\u2190 Contents<\/a><\/p>\n<p><!--nextpage--><\/p>\n<p>Otakar M\u00e1\u010del: Photographs: P\u00e1lava<\/p>\n<p><iframe loading=\"lazy\" src=\"https:\/\/archiv.sovamm.cz\/photo\/embed\/embed.html?album=album_4d562f4f4d2f462d50616c617661&amp;openps=1&amp;autoplay=1\" width=\"480\" height=\"320\" frameborder=\"0\"><\/iframe><\/p>\n<p><a href=\"https:\/\/www.sovamm.cz\/wordpress\/en\/macel-vajdis-2\/exhibition-macel-vajdis\/24\/\">\u2192 Continue<\/a><br \/>\n<a href=\"https:\/\/www.sovamm.cz\/wordpress\/en\/macel-vajdis-2\/exhibition-macel-vajdis\/\">\u2190 Contents<\/a><\/p>\n<p><!--nextpage--><\/p>\n<p>Otakar M\u00e1\u010del: Pavlov No. 145<\/p>\n<p><iframe loading=\"lazy\" src=\"https:\/\/archiv.sovamm.cz\/photo\/embed\/embed.html?album=album_4d562f4f4d2f462d5061766c6f765f30313435&amp;openps=1&amp;autoplay=1\" width=\"480\" height=\"320\" frameborder=\"0\"><\/iframe><\/p>\n<p><a href=\"https:\/\/www.sovamm.cz\/wordpress\/en\/macel-vajdis-2\/exhibition-macel-vajdis\/25\/\">\u2192 Continue<\/a><br \/>\n<a href=\"https:\/\/www.sovamm.cz\/wordpress\/en\/macel-vajdis-2\/exhibition-macel-vajdis\/\">\u2190 Contents<\/a><\/p>\n<p><!--nextpage--><\/p>\n<p>Otakar M\u00e1\u010del: Documentation \/ Kurial Archives: Pavlov<\/p>\n<p><iframe loading=\"lazy\" src=\"https:\/\/archiv.sovamm.cz\/photo\/embed\/embed.html?album=album_4d562f4f4d2f5a2d4b757269616c41726368&amp;openps=1&amp;autoplay=1\" width=\"480\" height=\"320\" frameborder=\"0\"><\/iframe><\/p>\n<p><a href=\"https:\/\/www.sovamm.cz\/wordpress\/en\/macel-vajdis-2\/exhibition-macel-vajdis\/26\/\">\u2192 Continue<\/a><br \/>\n<a href=\"https:\/\/www.sovamm.cz\/wordpress\/en\/macel-vajdis-2\/exhibition-macel-vajdis\/\">\u2190 Contents<\/a><\/p>\n<p><!--nextpage--><\/p>\n<p>Otakar M\u00e1\u010del: Documentation \/ Restoration: Pavlov<\/p>\n<p><iframe loading=\"lazy\" src=\"https:\/\/archiv.sovamm.cz\/photo\/embed\/embed.html?album=album_4d562f4f4d2f5a2d5061766c6f765f31393639&amp;openps=1&amp;autoplay=1\" width=\"480\" height=\"320\" frameborder=\"0\"><\/iframe><\/p>\n<p><a href=\"https:\/\/www.sovamm.cz\/wordpress\/en\/macel-vajdis-2\/exhibition-macel-vajdis\/27\/\">\u2192 Continue<\/a><br \/>\n<a href=\"https:\/\/www.sovamm.cz\/wordpress\/en\/macel-vajdis-2\/exhibition-macel-vajdis\/\">\u2190 Contents<\/a><\/p>\n<p><!--nextpage--><\/p>\n<p>Otakar M\u00e1\u010del: Drawings: Vernacular architecture<\/p>\n<p><iframe loading=\"lazy\" src=\"https:\/\/archiv.sovamm.cz\/photo\/embed\/embed.html?album=album_4d562f4f4d2f5a2d525f506f686c6564&amp;openps=1&amp;autoplay=1\" width=\"480\" height=\"320\" frameborder=\"0\"><\/iframe><\/p>\n<p><a href=\"https:\/\/www.sovamm.cz\/wordpress\/en\/macel-vajdis-2\/exhibition-macel-vajdis\/28\/\">\u2192 Continue<\/a><br \/>\n<a href=\"https:\/\/www.sovamm.cz\/wordpress\/en\/macel-vajdis-2\/exhibition-macel-vajdis\/\">\u2190 Contents<\/a><\/p>\n<p><!--nextpage--><\/p>\n<p>Exhibition in photographs:<\/p>\n<p><iframe loading=\"lazy\" src=\"https:\/\/archiv.sovamm.cz\/photo\/embed\/embed.html?album=album_534f56414d4d2f4d565f3230323131323137&amp;openps=1&amp;autoplay=1\" width=\"480\" height=\"320\" frameborder=\"0\"><\/iframe><\/p>\n<p><a href=\"https:\/\/www.sovamm.cz\/wordpress\/en\/macel-vajdis-2\/exhibition-macel-vajdis\/\">\u2190 Contents<\/a><\/p>\n<p><em>The exhibition is implemented with financial support of the Ministry of Culture of the Czech Republic.<\/em><\/p>\n<p><em>Updated: <span class=\"last-modified-timestamp\">03\/06\/2025 06:46<\/span><\/em><\/p>\n","protected":false},"excerpt":{"rendered":"<p>Works by Otakar M\u00e1\u010del (1920\u20141997) and Jaroslav Vajdi\u0161 (1920\u20142006) Conference Building in Villa Stiassni, Hroznov\u00e1 82\/14, Brno. Opening on 17 December 2021 \u2014 running until 28 March 2022. Organizer: Association &hellip; <a href=\"https:\/\/sovamm.cz\/wordpress\/en\/exhibitions\/exhibition-macel-vajdis\/\" class=\"more-link\">Pokra\u010dov\u00e1n\u00ed textu <span class=\"screen-reader-text\">Exhibition M\u00e1\u010del \u2014 Vajdi\u0161<\/span> <span class=\"meta-nav\">&rarr;<\/span><\/a><\/p>\n","protected":false},"author":2,"featured_media":3825,"parent":6810,"menu_order":2,"comment_status":"closed","ping_status":"closed","template":"","meta":{"jetpack_post_was_ever_published":false,"footnotes":""},"class_list":["post-4267","page","type-page","status-publish","has-post-thumbnail","hentry"],"jetpack_shortlink":"https:\/\/wp.me\/P8dB8l-16P","jetpack_sharing_enabled":true,"_links":{"self":[{"href":"https:\/\/sovamm.cz\/wordpress\/wp-json\/wp\/v2\/pages\/4267","targetHints":{"allow":["GET"]}}],"collection":[{"href":"https:\/\/sovamm.cz\/wordpress\/wp-json\/wp\/v2\/pages"}],"about":[{"href":"https:\/\/sovamm.cz\/wordpress\/wp-json\/wp\/v2\/types\/page"}],"author":[{"embeddable":true,"href":"https:\/\/sovamm.cz\/wordpress\/wp-json\/wp\/v2\/users\/2"}],"replies":[{"embeddable":true,"href":"https:\/\/sovamm.cz\/wordpress\/wp-json\/wp\/v2\/comments?post=4267"}],"version-history":[{"count":26,"href":"https:\/\/sovamm.cz\/wordpress\/wp-json\/wp\/v2\/pages\/4267\/revisions"}],"predecessor-version":[{"id":7051,"href":"https:\/\/sovamm.cz\/wordpress\/wp-json\/wp\/v2\/pages\/4267\/revisions\/7051"}],"up":[{"embeddable":true,"href":"https:\/\/sovamm.cz\/wordpress\/wp-json\/wp\/v2\/pages\/6810"}],"wp:featuredmedia":[{"embeddable":true,"href":"https:\/\/sovamm.cz\/wordpress\/wp-json\/wp\/v2\/media\/3825"}],"wp:attachment":[{"href":"https:\/\/sovamm.cz\/wordpress\/wp-json\/wp\/v2\/media?parent=4267"}],"curies":[{"name":"wp","href":"https:\/\/api.w.org\/{rel}","templated":true}]}}