{"id":3813,"date":"2021-12-27T23:39:53","date_gmt":"2021-12-27T22:39:53","guid":{"rendered":"https:\/\/www.sovamm.cz\/wordpress\/?page_id=3813"},"modified":"2026-01-19T17:51:34","modified_gmt":"2026-01-19T16:51:34","slug":"vystava-macel-vajdis","status":"publish","type":"page","link":"https:\/\/sovamm.cz\/wordpress\/vystavy\/vystava-macel-vajdis\/","title":{"rendered":"V\u00fdstava M\u00e1\u010del \u2014 Vajdi\u0161"},"content":{"rendered":"<p>Ve spolupr\u00e1ci s\u00a0brn\u011bnsk\u00fdm \u00fazemn\u00edm odborn\u00fdm pracovi\u0161t\u011bm NP\u00da p\u0159ipravil SOVAMM v\u00fdstavu d\u00edla architekt\u016f\u00a0<a href=\"https:\/\/www.sovamm.cz\/wordpress\/macel-vajdis\/otakar-macel\/\">Otakara M\u00e1\u010dela (1920\u20141997)<\/a>\u00a0a\u00a0<a href=\"https:\/\/www.sovamm.cz\/wordpress\/macel-vajdis\/jaroslav-vajdis\/\">Jaroslava Vajdi\u0161e (1920\u20142006)<\/a>.<span id=\"more-3693\"><\/span><\/p>\n<p>P\u0159edn\u00e1\u0161kov\u00e1 budova v&nbsp;are\u00e1lu vily Stiassni, Hroznov\u00e1 82\/14, Brno. Zah\u00e1jen\u00ed 17.&nbsp;12 .2021 v&nbsp;17:00.\u00a0 V\u00fdstava p\u0159echodn\u011b uzav\u0159ena ve dnech 20.12.2021-13.1.2022. Pot\u00e9 p\u0159\u00edstupn\u00e1 v&nbsp;otev\u00edrac\u00ed dob\u011b vily a\u017e do 28.3.2022 \u2013 od p\u00e1tku do pond\u011bl\u00ed od 10:00 do 18:00 hodin.<\/p>\n<ul>\n<li><a href=\"https:\/\/www.sovamm.cz\/wordpress\/wp-content\/uploads\/2021\/12\/letak_MV_2021-12-06-orez.pdf\" target=\"_blank\" rel=\"noreferrer noopener\">Leaflet ke sta\u017een\u00ed<\/a><\/li>\n<li><a href=\"https:\/\/www.sovamm.cz\/wordpress\/macel-vajdis\/\">V\u00edce o&nbsp;\u017eivot\u011b a&nbsp;d\u00edle architekt\u016f M\u00e1\u010dela a&nbsp;Vajdi\u0161e<\/a>\n<ul>\n<li><a href=\"https:\/\/www.sovamm.cz\/wordpress\/macel-vajdis\/otakar-macel\/\">Otakar M\u00e1\u010del (1920\u20141997)<\/a><\/li>\n<li><a href=\"https:\/\/www.sovamm.cz\/wordpress\/macel-vajdis\/jaroslav-vajdis\/\">Jaroslav Vajdi\u0161 (1920\u20142006)<\/a><\/li>\n<li><a href=\"https:\/\/www.sovamm.cz\/wordpress\/macel-vajdis\/3\/\">Literatura<\/a><a href=\"https:\/\/www.sovamm.cz\/wordpress\/macel-vajdis\/3\/\"> a&nbsp;prameny<\/a><\/li>\n<\/ul>\n<\/li>\n<\/ul>\n<p>\u010c\u00e1st expon\u00e1t\u016f a&nbsp;je\u0161t\u011b n\u011bco nav\u00edc z&nbsp;fotografi\u00ed, maleb, kreseb a&nbsp;projekt\u016f, kter\u00e9 se n\u00e1m do v\u00fdstavn\u00edho prostoru neve\u0161ly, si m\u016f\u017eete prohl\u00e9dnout online zde:<\/p>\n<ul>\n<li><a href=\"https:\/\/www.sovamm.cz\/wordpress\/vystava-macel-vajdis\/2\/\">Pouta\u010d<\/a><\/li>\n<li>Panely: \u00davod <a href=\"https:\/\/www.sovamm.cz\/wordpress\/vystava-macel-vajdis\/3\/\">01<\/a> \u00a6 Jaroslav Vajdi\u0161 <a href=\"https:\/\/www.sovamm.cz\/wordpress\/vystava-macel-vajdis\/4\/\">02-16<\/a> \u00a6 Otakar M\u00e1\u010del <a href=\"https:\/\/www.sovamm.cz\/wordpress\/vystava-macel-vajdis\/5\/\">17-29<\/a> \u00a6 Tir\u00e1\u017e: <a href=\"https:\/\/www.sovamm.cz\/wordpress\/vystava-macel-vajdis\/6\/\">30<\/a><\/li>\n<li>Expon\u00e1ty:\n<ul>\n<li>Jaroslav Vajdi\u0161:\u00a0Fotografie: <a href=\"https:\/\/www.sovamm.cz\/wordpress\/vystava-macel-vajdis\/7\/\">Lid\u00e9 <\/a>\u00a6 <a href=\"https:\/\/www.sovamm.cz\/wordpress\/vystava-macel-vajdis\/8\/\">Artefakty \/ Detail<\/a> \u00a6 <a href=\"https:\/\/www.sovamm.cz\/wordpress\/vystava-macel-vajdis\/9\/\">Z\u00e1niky<\/a> \u00a6 <a href=\"https:\/\/www.sovamm.cz\/wordpress\/vystava-macel-vajdis\/10\/\">Praha<\/a> \u00a6 <a href=\"https:\/\/www.sovamm.cz\/wordpress\/vystava-macel-vajdis\/11\/\">Krajiny<\/a> \u00a6 <a href=\"https:\/\/www.sovamm.cz\/wordpress\/vystava-macel-vajdis\/12\/\">P\u0159\u00edrodniny<\/a> \u00a6 <a href=\"https:\/\/www.sovamm.cz\/wordpress\/vystava-macel-vajdis\/13\/\">Zv\u00ed\u0159ata<\/a> \u00a6 <a href=\"https:\/\/www.sovamm.cz\/wordpress\/vystava-macel-vajdis\/14\/\">Lidov\u00e1 architektura<\/a> \u00a6\u00a6 <a href=\"https:\/\/www.sovamm.cz\/wordpress\/vystava-macel-vajdis\/15\/\">Kresby<\/a> \u00a6\u00a6 Zam\u011b\u0159en\u00ed: <a href=\"https:\/\/www.sovamm.cz\/wordpress\/vystava-macel-vajdis\/16\/\">Inventarizace<\/a> \u00a6 <a href=\"https:\/\/www.sovamm.cz\/wordpress\/vystava-macel-vajdis\/17\/\">Vit\u011bjovice 15<\/a> \u00a6 <a href=\"https:\/\/www.sovamm.cz\/wordpress\/vystava-macel-vajdis\/18\/\">\u0160umpersko<\/a> \u00a6 \u00a0Zam\u011b\u0159en\u00ed \/ Obnova: <a href=\"https:\/\/www.sovamm.cz\/wordpress\/vystava-macel-vajdis\/19\/\">Rymice<\/a><\/li>\n<li>Otakar M\u00e1\u010del: <a href=\"https:\/\/www.sovamm.cz\/wordpress\/vystava-macel-vajdis\/20\/\">Skici<\/a> \u00a6 <a href=\"https:\/\/www.sovamm.cz\/wordpress\/vystava-macel-vajdis\/21\/\">Obrazy<\/a> \u00a6\u00a6 Fotografie: <a href=\"https:\/\/www.sovamm.cz\/wordpress\/vystava-macel-vajdis\/22\/\">Mizej\u00edc\u00ed Brno<\/a> \u00a6 <a href=\"https:\/\/www.sovamm.cz\/wordpress\/vystava-macel-vajdis\/23\/\">P\u00e1lava<\/a> \u00a6 <a href=\"https:\/\/www.sovamm.cz\/wordpress\/vystava-macel-vajdis\/24\/\">Pavlov 145<\/a> \u00a6\u00a6 Zam\u011b\u0159en\u00ed \/ <a href=\"https:\/\/www.sovamm.cz\/wordpress\/vystava-macel-vajdis\/25\/\">Kurial\u016fv archiv: Pavlov<\/a> \u00a6 Zam\u011b\u0159en\u00ed \/ Obnova: <a href=\"https:\/\/www.sovamm.cz\/wordpress\/vystava-macel-vajdis\/26\/\">Pavlov<\/a> \u00a6 Kresby: <a href=\"https:\/\/www.sovamm.cz\/wordpress\/vystava-macel-vajdis\/27\/\">Lidov\u00e1 architektura<\/a><\/li>\n<\/ul>\n<\/li>\n<li><a href=\"https:\/\/www.sovamm.cz\/wordpress\/vystava-macel-vajdis\/28\/\">Fotografie z&nbsp;v\u00fdstavy<\/a><\/li>\n<\/ul>\n<p><a href=\"https:\/\/www.sovamm.cz\/wordpress\/macel-vajdis\/vystava-macel-vajdis\/2\/\">\u2192 pokra\u010dovat\u00a0<\/a><br \/>\n<a href=\"https:\/\/www.sovamm.cz\/wordpress\/macel-vajdis\/vystava-macel-vajdis\/\">\u2190 obsah<\/a><\/p>\n<p><!--nextpage--><\/p>\n<p><img data-recalc-dims=\"1\" loading=\"lazy\" decoding=\"async\" data-attachment-id=\"3741\" data-permalink=\"https:\/\/sovamm.cz\/wordpress\/vystavy\/vystava-macel-vajdis\/macel-vajdis\/mv_vystava_211217-poutac1orezr-2\/\" data-orig-file=\"https:\/\/i0.wp.com\/sovamm.cz\/wordpress\/wp-content\/uploads\/2021\/12\/MV_vystava_211217-Poutac1orezR-1.jpg?fit=1038%2C1467&amp;ssl=1\" data-orig-size=\"1038,1467\" data-comments-opened=\"1\" data-image-meta=\"{&quot;aperture&quot;:&quot;0&quot;,&quot;credit&quot;:&quot;&quot;,&quot;camera&quot;:&quot;&quot;,&quot;caption&quot;:&quot;&quot;,&quot;created_timestamp&quot;:&quot;0&quot;,&quot;copyright&quot;:&quot;&quot;,&quot;focal_length&quot;:&quot;0&quot;,&quot;iso&quot;:&quot;0&quot;,&quot;shutter_speed&quot;:&quot;0&quot;,&quot;title&quot;:&quot;&quot;,&quot;orientation&quot;:&quot;1&quot;}\" data-image-title=\"MV_vystava_211217-Poutac1orezR\" data-image-description=\"\" data-image-caption=\"\" data-large-file=\"https:\/\/i0.wp.com\/sovamm.cz\/wordpress\/wp-content\/uploads\/2021\/12\/MV_vystava_211217-Poutac1orezR-1.jpg?fit=474%2C669&amp;ssl=1\" class=\"aligncenter wp-image-3741 size-medium\" src=\"https:\/\/i0.wp.com\/www.sovamm.cz\/wordpress\/wp-content\/uploads\/2021\/12\/MV_vystava_211217-Poutac1orezR-1-212x300.jpg?resize=212%2C300&#038;ssl=1\" alt=\"\" width=\"212\" height=\"300\" srcset=\"https:\/\/i0.wp.com\/sovamm.cz\/wordpress\/wp-content\/uploads\/2021\/12\/MV_vystava_211217-Poutac1orezR-1.jpg?resize=212%2C300&amp;ssl=1 212w, https:\/\/i0.wp.com\/sovamm.cz\/wordpress\/wp-content\/uploads\/2021\/12\/MV_vystava_211217-Poutac1orezR-1.jpg?resize=725%2C1024&amp;ssl=1 725w, https:\/\/i0.wp.com\/sovamm.cz\/wordpress\/wp-content\/uploads\/2021\/12\/MV_vystava_211217-Poutac1orezR-1.jpg?resize=768%2C1085&amp;ssl=1 768w, https:\/\/i0.wp.com\/sovamm.cz\/wordpress\/wp-content\/uploads\/2021\/12\/MV_vystava_211217-Poutac1orezR-1.jpg?resize=133%2C188&amp;ssl=1 133w, https:\/\/i0.wp.com\/sovamm.cz\/wordpress\/wp-content\/uploads\/2021\/12\/MV_vystava_211217-Poutac1orezR-1.jpg?w=1038&amp;ssl=1 1038w, https:\/\/i0.wp.com\/sovamm.cz\/wordpress\/wp-content\/uploads\/2021\/12\/MV_vystava_211217-Poutac1orezR-1.jpg?w=948&amp;ssl=1 948w\" sizes=\"auto, (max-width: 212px) 100vw, 212px\" \/><\/p>\n<p><a href=\"https:\/\/www.sovamm.cz\/wordpress\/wp-content\/uploads\/2021\/12\/MV_vystava_211217-Poutac1R.pdf\" target=\"_blank\" rel=\"noopener\">Pouta\u010d<\/a><\/p>\n<p><a href=\"https:\/\/www.sovamm.cz\/wordpress\/macel-vajdis\/vystava-macel-vajdis\/3\/\">\u2192 pokra\u010dovat\u00a0<\/a><br \/>\n<a href=\"https:\/\/www.sovamm.cz\/wordpress\/macel-vajdis\/vystava-macel-vajdis\/\">\u2190 obsah<\/a><\/p>\n<p><!--nextpage--><\/p>\n<a href=\"https:\/\/sovamm.cz\/wordpress\/wp-content\/uploads\/2021\/12\/MV_vystava_211217-Panely0R-01.pdf\" class=\"pdfemb-viewer\" style=\"\" data-width=\"max\" data-height=\"max\" data-toolbar=\"bottom\" data-toolbar-fixed=\"off\">MV_vystava_211217-Panely0R-01<\/a>\n<p><a href=\"https:\/\/www.sovamm.cz\/wordpress\/wp-content\/uploads\/2021\/12\/MV_vystava_211217-Panely0R-01.pdf\" target=\"_blank\" rel=\"noopener\">\u00davodn\u00ed panel<\/a><\/p>\n<p><a href=\"https:\/\/www.sovamm.cz\/wordpress\/macel-vajdis\/vystava-macel-vajdis\/4\/\">\u2192 pokra\u010dovat\u00a0<\/a><br \/>\n<a href=\"https:\/\/www.sovamm.cz\/wordpress\/macel-vajdis\/vystava-macel-vajdis\/\">\u2190 obsah<\/a><\/p>\n<p><!--nextpage--><\/p>\n<a href=\"https:\/\/sovamm.cz\/wordpress\/wp-content\/uploads\/2021\/12\/MV_vystava_211217-Panely0R-02-16.pdf\" class=\"pdfemb-viewer\" style=\"\" data-width=\"max\" data-height=\"max\" data-toolbar=\"bottom\" data-toolbar-fixed=\"off\">MV_vystava_211217-Panely0R-02-16<\/a>\n<p><a href=\"https:\/\/www.sovamm.cz\/wordpress\/wp-content\/uploads\/2021\/12\/MV_vystava_211217-Panely0R-02-16.pdf\" target=\"_blank\" rel=\"noopener\">Panely 02\u201416<\/a><\/p>\n<p><a href=\"https:\/\/www.sovamm.cz\/wordpress\/macel-vajdis\/vystava-macel-vajdis\/5\/\">\u2192 pokra\u010dovat\u00a0<\/a><br \/>\n<a href=\"https:\/\/www.sovamm.cz\/wordpress\/macel-vajdis\/vystava-macel-vajdis\/\">\u2190 obsah<\/a><\/p>\n<p><!--nextpage--><\/p>\n<a href=\"https:\/\/sovamm.cz\/wordpress\/wp-content\/uploads\/2021\/12\/MV_vystava_211217-Panely0R-17-29.pdf\" class=\"pdfemb-viewer\" style=\"\" data-width=\"max\" data-height=\"max\" data-toolbar=\"bottom\" data-toolbar-fixed=\"off\">MV_vystava_211217-Panely0R-17-29<\/a>\n<p><a href=\"https:\/\/www.sovamm.cz\/wordpress\/wp-content\/uploads\/2021\/12\/MV_vystava_211217-Panely0R-17-29.pdf\" target=\"_blank\" rel=\"noopener\">Panely 17\u201429<\/a><\/p>\n<p><a href=\"https:\/\/www.sovamm.cz\/wordpress\/macel-vajdis\/vystava-macel-vajdis\/6\/\">\u2192 pokra\u010dovat\u00a0<\/a><br \/>\n<a href=\"https:\/\/www.sovamm.cz\/wordpress\/macel-vajdis\/vystava-macel-vajdis\/\">\u2190 obsah<\/a><\/p>\n<p><!--nextpage--><\/p>\n<a href=\"https:\/\/sovamm.cz\/wordpress\/wp-content\/uploads\/2021\/12\/MV_vystava_211217-Panely0R-30.pdf\" class=\"pdfemb-viewer\" style=\"\" data-width=\"max\" data-height=\"max\" data-toolbar=\"bottom\" data-toolbar-fixed=\"off\">MV_vystava_211217-Panely0R-30<\/a>\n<p><a href=\"https:\/\/www.sovamm.cz\/wordpress\/wp-content\/uploads\/2021\/12\/MV_vystava_211217-Panely0R-30.pdf\" target=\"_blank\" rel=\"noopener\">Panel 30 (Tir\u00e1\u017e)<\/a><\/p>\n<p><a href=\"https:\/\/www.sovamm.cz\/wordpress\/macel-vajdis\/vystava-macel-vajdis\/7\/\">\u2192 pokra\u010dovat\u00a0<\/a><br \/>\n<a href=\"https:\/\/www.sovamm.cz\/wordpress\/macel-vajdis\/vystava-macel-vajdis\/\">\u2190 obsah<\/a><\/p>\n<p><!--nextpage--><\/p>\n<p>Jaroslav Vajdi\u0161: Fotogradie: Lid\u00e9<\/p>\n<p><iframe loading=\"lazy\" src=\"https:\/\/archiv.sovamm.cz\/photo\/embed\/embed.html?album=album_4d562f4a562f462d4c696465&amp;openps=1&amp;autoplay=1\" width=\"480\" height=\"320\" frameborder=\"0\"><\/iframe><\/p>\n<p><a href=\"https:\/\/www.sovamm.cz\/wordpress\/macel-vajdis\/vystava-macel-vajdis\/8\/\">\u2192 pokra\u010dovat\u00a0<\/a><br \/>\n<a href=\"https:\/\/www.sovamm.cz\/wordpress\/macel-vajdis\/vystava-macel-vajdis\/\">\u2190 obsah<\/a><\/p>\n<p><!--nextpage--><\/p>\n<p>Jaroslav Vajdi\u0161: Fotografie: Artefakty \u00a6 Detail<\/p>\n<p><iframe loading=\"lazy\" src=\"https:\/\/archiv.sovamm.cz\/photo\/embed\/embed.html?album=album_4d562f4a562f462d44657461696c&amp;openps=1&amp;autoplay=1\" width=\"480\" height=\"320\" frameborder=\"0\"><\/iframe><\/p>\n<p><a href=\"https:\/\/www.sovamm.cz\/wordpress\/macel-vajdis\/vystava-macel-vajdis\/9\/\">\u2192 pokra\u010dovat\u00a0<\/a><br \/>\n<a href=\"https:\/\/www.sovamm.cz\/wordpress\/macel-vajdis\/vystava-macel-vajdis\/\">\u2190 obsah<\/a><\/p>\n<p><!--nextpage--><\/p>\n<p>Jaroslav Vajdi\u0161: Fotografie: Z\u00e1niky<\/p>\n<p><iframe loading=\"lazy\" src=\"https:\/\/archiv.sovamm.cz\/photo\/embed\/embed.html?album=album_4d562f4a562f462d5a616e696b&amp;openps=1&amp;autoplay=1\" width=\"480\" height=\"320\" frameborder=\"0\"><\/iframe><\/p>\n<p><a href=\"https:\/\/www.sovamm.cz\/wordpress\/macel-vajdis\/vystava-macel-vajdis\/10\/\">\u2192 pokra\u010dovat\u00a0<\/a><br \/>\n<a href=\"https:\/\/www.sovamm.cz\/wordpress\/macel-vajdis\/vystava-macel-vajdis\/\">\u2190 obsah<\/a><\/p>\n<p><!--nextpage--><\/p>\n<p>Jaroslav Vajdi\u0161: Fotografie: Praha<\/p>\n<p><iframe loading=\"lazy\" src=\"https:\/\/archiv.sovamm.cz\/photo\/embed\/embed.html?album=album_4d562f4a562f462d5072616861&amp;openps=1&amp;autoplay=1\" width=\"480\" height=\"320\" frameborder=\"0\"><\/iframe><\/p>\n<p><a href=\"https:\/\/www.sovamm.cz\/wordpress\/macel-vajdis\/vystava-macel-vajdis\/11\/\">\u2192 pokra\u010dovat\u00a0<\/a><br \/>\n<a href=\"https:\/\/www.sovamm.cz\/wordpress\/macel-vajdis\/vystava-macel-vajdis\/\">\u2190 obsah<\/a><\/p>\n<p><!--nextpage--><\/p>\n<p>Jaroslav Vajdi\u0161: Fotografie: Krajiny<\/p>\n<p><iframe loading=\"lazy\" src=\"https:\/\/archiv.sovamm.cz\/photo\/embed\/embed.html?album=album_4d562f4a562f462d4b72616a696e79&amp;openps=1&amp;autoplay=1\" width=\"480\" height=\"320\" frameborder=\"0\"><\/iframe><\/p>\n<p><a href=\"https:\/\/sovamm.cz\/wordpress\/macel-vajdis\/vystava-macel-vajdis\/12\/\">\u2192 pokra\u010dovat\u00a0<\/a><br \/>\n<a href=\"https:\/\/sovamm.cz\/wordpress\/macel-vajdis\/vystava-macel-vajdis\/\">\u2190 obsah<\/a><\/p>\n<p><!--nextpage--><\/p>\n<p>Jaroslav Vajdi\u0161: P\u0159\u00edrodniny<\/p>\n<p><iframe loading=\"lazy\" src=\"https:\/\/archiv.sovamm.cz\/photo\/embed\/embed.html?album=album_4d562f4a562f462d5072697244657461696c&amp;openps=1&amp;autoplay=1\" width=\"480\" height=\"320\" frameborder=\"0\"><\/iframe><\/p>\n<p><a href=\"https:\/\/www.sovamm.cz\/wordpress\/macel-vajdis\/vystava-macel-vajdis\/13\/\">\u2192 pokra\u010dovat\u00a0<\/a><br \/>\n<a href=\"https:\/\/www.sovamm.cz\/wordpress\/macel-vajdis\/vystava-macel-vajdis\/\">\u2190 obsah<\/a><\/p>\n<p><!--nextpage--><\/p>\n<p>Jaroslav Vajdi\u0161: Fotogradie: Zv\u00ed\u0159ata<\/p>\n<p><iframe loading=\"lazy\" src=\"https:\/\/archiv.sovamm.cz\/photo\/embed\/embed.html?album=album_4d562f4a562f462d5a766972617461&amp;openps=1&amp;autoplay=1\" width=\"480\" height=\"320\" frameborder=\"0\"><\/iframe><\/p>\n<p><a href=\"https:\/\/sovamm.cz\/wordpress\/macel-vajdis\/vystava-macel-vajdis\/14\/\">\u2192 pokra\u010dovat\u00a0<\/a><br \/>\n<a href=\"https:\/\/sovamm.cz\/wordpress\/macel-vajdis\/vystava-macel-vajdis\/\">\u2190 obsah<\/a><\/p>\n<p><!--nextpage--><\/p>\n<p>Jaroslav Vajdi\u0161: Fotogradie: Lidov\u00e1 architektura<\/p>\n<p><iframe loading=\"lazy\" src=\"https:\/\/archiv.sovamm.cz\/photo\/embed\/embed.html?album=album_4d562f4a562f462d4c41&amp;openps=1&amp;autoplay=1\" width=\"480\" height=\"320\" frameborder=\"0\"><\/iframe><\/p>\n<p><a href=\"https:\/\/sovamm.cz\/wordpress\/macel-vajdis\/vystava-macel-vajdis\/15\/\">\u2192 pokra\u010dovat\u00a0<\/a><br \/>\n<a href=\"https:\/\/sovamm.cz\/wordpress\/macel-vajdis\/vystava-macel-vajdis\/\">\u2190 obsah<\/a><\/p>\n<p><!--nextpage--><\/p>\n<p>Jaroslav Vajdi\u0161: Kresby<\/p>\n<p><iframe loading=\"lazy\" src=\"https:\/\/archiv.sovamm.cz\/photo\/embed\/embed.html?album=album_4d562f4a562f4b7265736279&amp;openps=1&amp;autoplay=1\" width=\"480\" height=\"320\" frameborder=\"0\"><\/iframe><\/p>\n<p><a href=\"https:\/\/sovamm.cz\/wordpress\/macel-vajdis\/vystava-macel-vajdis\/16\/\">\u2192 pokra\u010dovat\u00a0<\/a><br \/>\n<a href=\"https:\/\/sovamm.cz\/wordpress\/macel-vajdis\/vystava-macel-vajdis\/\">\u2190 obsah<\/a><\/p>\n<p><!--nextpage--><\/p>\n<p>Jaroslav Vajdi\u0161: Zam\u011b\u0159en\u00ed: Inventarizace<\/p>\n<p><iframe loading=\"lazy\" src=\"https:\/\/archiv.sovamm.cz\/photo\/embed\/embed.html?album=album_4d562f4a562f5a2d496e76656e746172697a616365&amp;openps=1&amp;autoplay=1\" width=\"480\" height=\"320\" frameborder=\"0\"><\/iframe><\/p>\n<p><a href=\"https:\/\/sovamm.cz\/wordpress\/macel-vajdis\/vystava-macel-vajdis\/17\/\">\u2192 pokra\u010dovat\u00a0<\/a><br \/>\n<a href=\"https:\/\/sovamm.cz\/wordpress\/macel-vajdis\/vystava-macel-vajdis\/\">\u2190 obsah<\/a><\/p>\n<p><!--nextpage--><\/p>\n<p>Jaroslav Vajdi\u0161: Zam\u011b\u0159en\u00ed: Vit\u011bjovice \u010dp.&nbsp;15<\/p>\n<p><iframe loading=\"lazy\" src=\"https:\/\/archiv.sovamm.cz\/photo\/embed\/embed.html?album=album_4d562f4a562f5a2d566974656a6f76696365&amp;openps=1&amp;autoplay=1\" width=\"480\" height=\"320\" frameborder=\"0\"><\/iframe><\/p>\n<p><a href=\"https:\/\/sovamm.cz\/wordpress\/macel-vajdis\/vystava-macel-vajdis\/18\/\">\u2192 pokra\u010dovat\u00a0<\/a><br \/>\n<a href=\"https:\/\/sovamm.cz\/wordpress\/macel-vajdis\/vystava-macel-vajdis\/\">\u2190 obsah<\/a><\/p>\n<p><!--nextpage--><\/p>\n<p>Jaroslav Vajdi\u0161: Zam\u011b\u0159en\u00ed: \u0160umpersko<\/p>\n<p><iframe loading=\"lazy\" src=\"https:\/\/archiv.sovamm.cz\/photo\/embed\/embed.html?album=album_4d562f4a562f5a2d53756d706572736b6f&amp;openps=1&amp;autoplay=1\" width=\"480\" height=\"320\" frameborder=\"0\"><\/iframe><\/p>\n<p><a href=\"https:\/\/sovamm.cz\/wordpress\/macel-vajdis\/vystava-macel-vajdis\/19\/\">\u2192 pokra\u010dovat\u00a0<\/a><br \/>\n<a href=\"https:\/\/sovamm.cz\/wordpress\/macel-vajdis\/vystava-macel-vajdis\/\">\u2190 obsah<\/a><\/p>\n<p><!--nextpage--><\/p>\n<p>Jaroslav Vajdi\u0161: Zam\u011b\u0159en\u00ed \/ Obnova: Rymice<\/p>\n<p><iframe loading=\"lazy\" src=\"https:\/\/archiv.sovamm.cz\/photo\/embed\/embed.html?album=album_4d562f4a562f502d52796d696365&amp;openps=1&amp;autoplay=1\" width=\"480\" height=\"320\" frameborder=\"0\"><\/iframe><\/p>\n<p><a href=\"https:\/\/sovamm.cz\/wordpress\/macel-vajdis\/vystava-macel-vajdis\/20\/\">\u2192 pokra\u010dovat\u00a0<\/a><br \/>\n<a href=\"https:\/\/sovamm.cz\/wordpress\/macel-vajdis\/vystava-macel-vajdis\/\">\u2190 obsah<\/a><\/p>\n<p><!--nextpage--><\/p>\n<p>Otakar M\u00e1\u010del: Skici<\/p>\n<p><iframe loading=\"lazy\" src=\"https:\/\/archiv.sovamm.cz\/photo\/embed\/embed.html?album=album_4d562f4f4d2f536b6963616b&amp;openps=1&amp;autoplay=1\" width=\"480\" height=\"320\" frameborder=\"0\"><\/iframe><\/p>\n<p><a href=\"https:\/\/sovamm.cz\/wordpress\/macel-vajdis\/vystava-macel-vajdis\/21\/\">\u2192 pokra\u010dovat\u00a0<\/a><br \/>\n<a href=\"https:\/\/sovamm.cz\/wordpress\/macel-vajdis\/vystava-macel-vajdis\/\">\u2190 obsah<\/a><\/p>\n<p><!--nextpage--><\/p>\n<p>Otakar M\u00e1\u010del: Obrazy<\/p>\n<p><iframe loading=\"lazy\" src=\"https:\/\/archiv.sovamm.cz\/photo\/embed\/embed.html?album=album_4d562f4f4d2f4f6272617a79&amp;openps=1&amp;autoplay=1\" width=\"480\" height=\"320\" frameborder=\"0\"><\/iframe><\/p>\n<p><a href=\"https:\/\/sovamm.cz\/wordpress\/macel-vajdis\/vystava-macel-vajdis\/22\/\">\u2192 pokra\u010dovat\u00a0<\/a><br \/>\n<a href=\"https:\/\/sovamm.cz\/wordpress\/macel-vajdis\/vystava-macel-vajdis\/\">\u2190 obsah<\/a><\/p>\n<p><!--nextpage--><\/p>\n<p>Otakar M\u00e1\u010del: Fotografie: Mizej\u00edc\u00ed Brno<\/p>\n<p><iframe loading=\"lazy\" src=\"https:\/\/archiv.sovamm.cz\/photo\/embed\/embed.html?album=album_4d562f4f4d2f462d4d697a656a69636942726e6f&amp;openps=1&amp;autoplay=1\" width=\"480\" height=\"320\" frameborder=\"0\"><\/iframe><\/p>\n<p><a href=\"https:\/\/sovamm.cz\/wordpress\/macel-vajdis\/vystava-macel-vajdis\/23\/\">\u2192 pokra\u010dovat\u00a0<\/a><br \/>\n<a href=\"https:\/\/sovamm.cz\/wordpress\/macel-vajdis\/vystava-macel-vajdis\/\">\u2190 obsah<\/a><\/p>\n<p><!--nextpage--><\/p>\n<p>Otakar M\u00e1\u010del: Fotografie: P\u00e1lava<\/p>\n<p><iframe loading=\"lazy\" src=\"https:\/\/archiv.sovamm.cz\/photo\/embed\/embed.html?album=album_4d562f4f4d2f462d50616c617661&amp;openps=1&amp;autoplay=1\" width=\"480\" height=\"320\" frameborder=\"0\"><\/iframe><\/p>\n<p><a href=\"https:\/\/sovamm.cz\/wordpress\/macel-vajdis\/vystava-macel-vajdis\/24\/\">\u2192 pokra\u010dovat\u00a0<\/a><br \/>\n<a href=\"https:\/\/sovamm.cz\/wordpress\/macel-vajdis\/vystava-macel-vajdis\/\">\u2190 obsah<\/a><\/p>\n<p><!--nextpage--><\/p>\n<p>Otakar M\u00e1\u010del: Pavlov \u010dp.&nbsp;145<\/p>\n<p><iframe loading=\"lazy\" src=\"https:\/\/archiv.sovamm.cz\/photo\/embed\/embed.html?album=album_4d562f4f4d2f462d5061766c6f765f30313435&amp;openps=1&amp;autoplay=1\" width=\"480\" height=\"320\" frameborder=\"0\"><\/iframe><\/p>\n<p><a href=\"https:\/\/sovamm.cz\/wordpress\/macel-vajdis\/vystava-macel-vajdis\/25\/\">\u2192 pokra\u010dovat\u00a0<\/a><br \/>\n<a href=\"https:\/\/sovamm.cz\/wordpress\/macel-vajdis\/vystava-macel-vajdis\/\">\u2190 obsah<\/a><\/p>\n<p><!--nextpage--><\/p>\n<p>Otakar M\u00e1\u010del: Zam\u011b\u0159en\u00ed \/ Kurial\u016fv archiv: Pavlov<\/p>\n<p><iframe loading=\"lazy\" src=\"https:\/\/archiv.sovamm.cz\/photo\/embed\/embed.html?album=album_4d562f4f4d2f5a2d4b757269616c41726368&amp;openps=1&amp;autoplay=1\" width=\"480\" height=\"320\" frameborder=\"0\"><\/iframe><\/p>\n<p><a href=\"https:\/\/sovamm.cz\/wordpress\/macel-vajdis\/vystava-macel-vajdis\/26\/\">\u2192 pokra\u010dovat\u00a0<\/a><br \/>\n<a href=\"https:\/\/sovamm.cz\/wordpress\/macel-vajdis\/vystava-macel-vajdis\/\">\u2190 obsah<\/a><\/p>\n<p><!--nextpage--><\/p>\n<p>Otakar M\u00e1\u010del: Zam\u011b\u0159en\u00ed \/ Obnova: Pavlov<\/p>\n<p><iframe loading=\"lazy\" src=\"https:\/\/archiv.sovamm.cz\/photo\/embed\/embed.html?album=album_4d562f4f4d2f5a2d5061766c6f765f31393639&amp;openps=1&amp;autoplay=1\" width=\"480\" height=\"320\" frameborder=\"0\"><\/iframe><\/p>\n<p><a href=\"https:\/\/sovamm.cz\/wordpress\/macel-vajdis\/vystava-macel-vajdis\/27\/\">\u2192 pokra\u010dovat\u00a0<\/a><br \/>\n<a href=\"https:\/\/sovamm.cz\/wordpress\/macel-vajdis\/vystava-macel-vajdis\/\">\u2190 obsah<\/a><\/p>\n<p><!--nextpage--><\/p>\n<p>Otakar M\u00e1\u010del: Kresby: Lidov\u00e1 architektura<\/p>\n<p><iframe loading=\"lazy\" src=\"https:\/\/archiv.sovamm.cz\/photo\/embed\/embed.html?album=album_4d562f4f4d2f5a2d525f506f686c6564&amp;openps=1&amp;autoplay=1\" width=\"480\" height=\"320\" frameborder=\"0\"><\/iframe><\/p>\n<p><a href=\"https:\/\/sovamm.cz\/wordpress\/macel-vajdis\/vystava-macel-vajdis\/28\/\">\u2192 pokra\u010dovat\u00a0<\/a><br \/>\n<a href=\"https:\/\/sovamm.cz\/wordpress\/macel-vajdis\/vystava-macel-vajdis\/\">\u2190 obsah<\/a><\/p>\n<p><!--nextpage--><\/p>\n<p>Fotografie z&nbsp;v\u00fdstavy:<\/p>\n<p><iframe loading=\"lazy\" src=\"https:\/\/archiv.sovamm.cz\/photo\/embed\/embed.html?album=album_534f56414d4d2f4d565f3230323131323137&amp;openps=1&amp;autoplay=1\" width=\"480\" height=\"320\" frameborder=\"0\"><\/iframe><\/p>\n<p><a href=\"https:\/\/sovamm.cz\/wordpress\/macel-vajdis\/vystava-macel-vajdis\/\">\u2190 obsah<\/a><\/p>\n<p><em>V\u00fdstava byla realizov\u00e1na za finan\u010dn\u00ed podpory Ministerstva kultury \u010cR.<\/em><\/p>\n<p><em>Aktualizov\u00e1no: <span class=\"last-modified-timestamp\">19\/01\/2026 17:51<\/span><\/em><\/p>\n","protected":false},"excerpt":{"rendered":"<p>Ve spolupr\u00e1ci s\u00a0brn\u011bnsk\u00fdm \u00fazemn\u00edm odborn\u00fdm pracovi\u0161t\u011bm NP\u00da p\u0159ipravil SOVAMM v\u00fdstavu d\u00edla architekt\u016f\u00a0Otakara M\u00e1\u010dela (1920\u20141997)\u00a0a\u00a0Jaroslava Vajdi\u0161e (1920\u20142006). P\u0159edn\u00e1\u0161kov\u00e1 budova v&nbsp;are\u00e1lu vily Stiassni, Hroznov\u00e1 82\/14, Brno. Zah\u00e1jen\u00ed 17.&nbsp;12 .2021 v&nbsp;17:00.\u00a0 V\u00fdstava p\u0159echodn\u011b &hellip; <a href=\"https:\/\/sovamm.cz\/wordpress\/vystavy\/vystava-macel-vajdis\/\" class=\"more-link\">Pokra\u010dov\u00e1n\u00ed textu <span class=\"screen-reader-text\">V\u00fdstava M\u00e1\u010del \u2014 Vajdi\u0161<\/span> <span class=\"meta-nav\">&rarr;<\/span><\/a><\/p>\n","protected":false},"author":2,"featured_media":3825,"parent":6780,"menu_order":2,"comment_status":"closed","ping_status":"closed","template":"","meta":{"jetpack_post_was_ever_published":false,"footnotes":""},"class_list":["post-3813","page","type-page","status-publish","has-post-thumbnail","hentry"],"jetpack_shortlink":"https:\/\/wp.me\/P8dB8l-Zv","jetpack_sharing_enabled":true,"_links":{"self":[{"href":"https:\/\/sovamm.cz\/wordpress\/wp-json\/wp\/v2\/pages\/3813","targetHints":{"allow":["GET"]}}],"collection":[{"href":"https:\/\/sovamm.cz\/wordpress\/wp-json\/wp\/v2\/pages"}],"about":[{"href":"https:\/\/sovamm.cz\/wordpress\/wp-json\/wp\/v2\/types\/page"}],"author":[{"embeddable":true,"href":"https:\/\/sovamm.cz\/wordpress\/wp-json\/wp\/v2\/users\/2"}],"replies":[{"embeddable":true,"href":"https:\/\/sovamm.cz\/wordpress\/wp-json\/wp\/v2\/comments?post=3813"}],"version-history":[{"count":48,"href":"https:\/\/sovamm.cz\/wordpress\/wp-json\/wp\/v2\/pages\/3813\/revisions"}],"predecessor-version":[{"id":7302,"href":"https:\/\/sovamm.cz\/wordpress\/wp-json\/wp\/v2\/pages\/3813\/revisions\/7302"}],"up":[{"embeddable":true,"href":"https:\/\/sovamm.cz\/wordpress\/wp-json\/wp\/v2\/pages\/6780"}],"wp:featuredmedia":[{"embeddable":true,"href":"https:\/\/sovamm.cz\/wordpress\/wp-json\/wp\/v2\/media\/3825"}],"wp:attachment":[{"href":"https:\/\/sovamm.cz\/wordpress\/wp-json\/wp\/v2\/media?parent=3813"}],"curies":[{"name":"wp","href":"https:\/\/api.w.org\/{rel}","templated":true}]}}